{"id":3354,"date":"2026-02-01T18:25:22","date_gmt":"2026-02-01T17:25:22","guid":{"rendered":"https:\/\/lms-privatschule.ch\/?page_id=3354"},"modified":"2026-04-20T11:48:25","modified_gmt":"2026-04-20T09:48:25","slug":"preise-und-info","status":"publish","type":"page","link":"https:\/\/lms-privatschule.ch\/en\/preise-und-info\/","title":{"rendered":"Prices"},"content":{"rendered":"<div class=\"wp-block-group is-nowrap is-layout-flex wp-container-core-group-is-layout-de0b71bf wp-block-group-is-layout-flex\">\n<div class=\"wp-block-group WELT_PREISE_TABLE wp-container-content-90d19858 has-global-padding is-layout-constrained wp-block-group-is-layout-constrained\">\n<h4 class=\"wp-block-heading has-poppins-font-family\" style=\"padding-bottom:10px;font-size:clamp(16.293px, 1.018rem + ((1vw - 3.2px) * 0.68), 25px);\">KINDERGARTEN<\/h4>\n\n\n\n<div id=\"footable_parent_3616\"\n         class=\"footable_parent ninja_table_wrapper loading_ninja_table wp_table_data_press_parent semantic_ui\">\n                <table data-ninja_table_instance=\"ninja_table_instance_0\" data-footable_id=\"3616\" data-filter-delay=\"1000\" aria-label=\"Pricing information - kindergarten\"            id=\"footable_3616\"\n           data-unique_identifier=\"ninja_table_unique_id_1002661703_3616\"\n           class=\"foo-table ninja_footable foo_table_3616 ninja_table_unique_id_1002661703_3616 ui table  ninja_search_right nt_type_ajax_table  footable-paging-right ninja_table_search_disabled\">\n                <colgroup>\n                            <col class=\"ninja_column_0\">\n                            <col class=\"ninja_column_1\">\n                    <\/colgroup>\n            <\/table>\n    \n    \n    \n<\/div>\n\n<\/div>\n\n\n\n<div class=\"wp-block-group WELT_PREISE_TABLE wp-container-content-90d19858 has-global-padding is-layout-constrained wp-block-group-is-layout-constrained\">\n<h5 class=\"wp-block-heading has-poppins-font-family\" style=\"padding-bottom:10px;font-size:clamp(16.293px, 1.018rem + ((1vw - 3.2px) * 0.68), 25px);\">LOWER SECONDARY (GRADES 1-3)<\/h5>\n\n\n\n<div id=\"footable_parent_3685\"\n         class=\"footable_parent ninja_table_wrapper loading_ninja_table wp_table_data_press_parent semantic_ui\">\n                <table data-ninja_table_instance=\"ninja_table_instance_1\" data-footable_id=\"3685\" data-filter-delay=\"1000\" aria-label=\"Pricing information - Lower level\"            id=\"footable_3685\"\n           data-unique_identifier=\"ninja_table_unique_id_2139750482_3685\"\n           class=\"foo-table ninja_footable foo_table_3685 ninja_table_unique_id_2139750482_3685 ui table  ninja_search_right nt_type_ajax_table  footable-paging-right ninja_table_search_disabled\">\n                <colgroup>\n                            <col class=\"ninja_column_0\">\n                            <col class=\"ninja_column_1\">\n                    <\/colgroup>\n            <\/table>\n    \n    \n    \n<\/div>\n\n<\/div>\n\n\n\n<div class=\"wp-block-group WELT_PREISE_TABLE wp-container-content-90d19858 has-global-padding is-layout-constrained wp-block-group-is-layout-constrained\">\n<h5 class=\"wp-block-heading has-poppins-font-family\" style=\"padding-bottom:10px;font-size:clamp(16.293px, 1.018rem + ((1vw - 3.2px) * 0.68), 25px);\">MIDDLE SCHOOL (GRADES 4-6)<\/h5>\n\n\n\n<div id=\"footable_parent_3686\"\n         class=\"footable_parent ninja_table_wrapper loading_ninja_table wp_table_data_press_parent semantic_ui\">\n                <table data-ninja_table_instance=\"ninja_table_instance_2\" data-footable_id=\"3686\" data-filter-delay=\"1000\" aria-label=\"Pricing information - Intermediate level\"            id=\"footable_3686\"\n           data-unique_identifier=\"ninja_table_unique_id_1418962718_3686\"\n           class=\"foo-table ninja_footable foo_table_3686 ninja_table_unique_id_1418962718_3686 ui table  ninja_search_right nt_type_ajax_table  footable-paging-right ninja_table_search_disabled\">\n                <colgroup>\n                            <col class=\"ninja_column_0\">\n                            <col class=\"ninja_column_1\">\n                    <\/colgroup>\n            <\/table>\n    \n    \n    \n<\/div>\n\n<\/div>\n<\/div>\n\n<p><strong>Individual price adjustments:<\/strong>\u00a0Tuition fees can be adjusted to suit individual financial circumstances. Please feel free to contact us confidentially.<\/p>\n<p>&nbsp;<\/p>\n<h2 class=\"accordion-title\" style=\"text-align: center;\">The most important information<\/h2>\n<p>&nbsp;<\/p>\n\n<div data-wp-context=\"{ &quot;autoclose&quot;: false, &quot;accordionItems&quot;: [] }\" data-wp-interactive=\"core\/accordion\" role=\"group\" class=\"wp-block-accordion has-poppins-font-family is-layout-flow wp-block-accordion-is-layout-flow\">\n<div data-wp-class--is-open=\"state.isOpen\" data-wp-context=\"{ &quot;id&quot;: &quot;accordion-item-1&quot;, &quot;openByDefault&quot;: false }\" data-wp-init=\"callbacks.initAccordionItems\" data-wp-on-window--hashchange=\"callbacks.hashChange\" class=\"wp-block-accordion-item is-layout-flow wp-block-accordion-item-is-layout-flow\" style=\"border-bottom-color:var(--wp--preset--color--cyan-bluish-gray);border-bottom-width:1px\">\n<h3 class=\"wp-block-accordion-heading\" style=\"border-style:none;border-width:0px;font-size:clamp(14px, 0.875rem + ((1vw - 3.2px) * 0.469), 20px);\"><button aria-expanded=\"false\" aria-controls=\"accordion-item-1-panel\" data-wp-bind--aria-expanded=\"state.isOpen\" data-wp-on--click=\"actions.toggle\" id=\"accordion-item-1\" type=\"button\" class=\"wp-block-accordion-heading__toggle\" style=\"padding-bottom:var(--wp--preset--spacing--30)\"><span class=\"wp-block-accordion-heading__toggle-title\">School hours Day school<\/span><span class=\"wp-block-accordion-heading__toggle-icon\" aria-hidden=\"true\">+<\/span><\/button><\/h3>\n\n\n\n<div aria-labelledby=\"accordion-item-1\" data-wp-bind--hidden=\"state.isHidden\" data-wp-on--beforematch=\"actions.handleBeforeMatch\" id=\"accordion-item-1-panel\" role=\"region\" class=\"wp-block-accordion-panel is-layout-flow wp-block-accordion-panel-is-layout-flow\">\n<p class=\"wp-block-paragraph\"><strong>Monday:<\/strong>\u00a08:00 \u2013 16:00 (Kindergarten &amp; Lower Primary) \/ 8:00 \u2013 16:00<\/p>\n\n\n\n<p class=\"wp-block-paragraph\"><strong>Tuesday:<\/strong>\u00a008:00 \u2013 16:00 (Lower and Middle School)<\/p>\n\n\n\n<p class=\"wp-block-paragraph\"><strong>Wednesday:<\/strong>\u00a008:00 \u2013 12:00 (Kindergarten &amp; Lower Primary) \/ 08:00 \u2013 17:00 (Middle Primary)<\/p>\n\n\n\n<p class=\"wp-block-paragraph\"><strong>Thursday:<\/strong>&nbsp;08:00 \u2013 16:00<\/p>\n\n\n\n<p class=\"wp-block-paragraph\"><strong>Friday:<\/strong>&nbsp;08:00 \u2013 12:00<\/p>\n\n\n\n<p class=\"wp-block-paragraph\"><strong>Off-peak hours:<\/strong>\u00a007:00 \u2013 08:00 and evening care until 18:00 or <strong>by appointment<\/strong><\/p>\n<\/div>\n<\/div>\n\n\n\n<div data-wp-class--is-open=\"state.isOpen\" data-wp-context=\"{ &quot;id&quot;: &quot;accordion-item-2&quot;, &quot;openByDefault&quot;: false }\" data-wp-init=\"callbacks.initAccordionItems\" data-wp-on-window--hashchange=\"callbacks.hashChange\" class=\"wp-block-accordion-item is-layout-flow wp-block-accordion-item-is-layout-flow\" style=\"border-bottom-color:var(--wp--preset--color--cyan-bluish-gray);border-bottom-width:1px\">\n<h3 class=\"wp-block-accordion-heading\" style=\"border-style:none;border-width:0px;font-size:clamp(14px, 0.875rem + ((1vw - 3.2px) * 0.469), 20px);\"><button aria-expanded=\"false\" aria-controls=\"accordion-item-2-panel\" data-wp-bind--aria-expanded=\"state.isOpen\" data-wp-on--click=\"actions.toggle\" id=\"accordion-item-2\" type=\"button\" class=\"wp-block-accordion-heading__toggle\" style=\"padding-bottom:var(--wp--preset--spacing--30)\"><span class=\"wp-block-accordion-heading__toggle-title\">Daycare and lunch service<\/span><span class=\"wp-block-accordion-heading__toggle-icon\" aria-hidden=\"true\">+<\/span><\/button><\/h3>\n\n\n\n<div aria-labelledby=\"accordion-item-2\" data-wp-bind--hidden=\"state.isHidden\" data-wp-on--beforematch=\"actions.handleBeforeMatch\" id=\"accordion-item-2-panel\" role=\"region\" class=\"wp-block-accordion-panel is-layout-flow wp-block-accordion-panel-is-layout-flow\">\n<p class=\"wp-block-paragraph\"><strong>Lunch:<\/strong>\u00a012:00 \u2013 13:00<br><strong>Cost<\/strong>CHF 80 per month\/weekday<\/p>\n\n\n\n<p class=\"wp-block-paragraph\"><strong>After-school care:<\/strong><br>\u00a0Half-day: CHF 200 per month\/weekday<br>\u00a0Full day (kindergarten): CHF 350 per month\/weekday<\/p>\n\n\n\n<p class=\"wp-block-paragraph\">These services can be added to the basic fees as an option.<\/p>\n<\/div>\n<\/div>\n\n\n\n<div data-wp-class--is-open=\"state.isOpen\" data-wp-context=\"{ &quot;id&quot;: &quot;accordion-item-3&quot;, &quot;openByDefault&quot;: false }\" data-wp-init=\"callbacks.initAccordionItems\" data-wp-on-window--hashchange=\"callbacks.hashChange\" class=\"wp-block-accordion-item is-layout-flow wp-block-accordion-item-is-layout-flow\" style=\"border-bottom-color:var(--wp--preset--color--cyan-bluish-gray);border-bottom-width:1px\">\n<h3 class=\"wp-block-accordion-heading\" style=\"border-style:none;border-width:0px;font-size:clamp(14px, 0.875rem + ((1vw - 3.2px) * 0.469), 20px);\"><button aria-expanded=\"false\" aria-controls=\"accordion-item-3-panel\" data-wp-bind--aria-expanded=\"state.isOpen\" data-wp-on--click=\"actions.toggle\" id=\"accordion-item-3\" type=\"button\" class=\"wp-block-accordion-heading__toggle\" style=\"padding-bottom:var(--wp--preset--spacing--30)\"><span class=\"wp-block-accordion-heading__toggle-title\">Enrollment &amp; Deposit<\/span><span class=\"wp-block-accordion-heading__toggle-icon\" aria-hidden=\"true\">+<\/span><\/button><\/h3>\n\n\n\n<div aria-labelledby=\"accordion-item-3\" data-wp-bind--hidden=\"state.isHidden\" data-wp-on--beforematch=\"actions.handleBeforeMatch\" id=\"accordion-item-3-panel\" role=\"region\" class=\"wp-block-accordion-panel is-layout-flow wp-block-accordion-panel-is-layout-flow\">\n<p class=\"wp-block-paragraph\"><strong>Registration fee:<\/strong>&nbsp;CHF 600 (one-time fee)<br>This fee is due upon registration of your child.<\/p>\n\n\n\n<p class=\"wp-block-paragraph\"><strong>Depot:<\/strong>&nbsp;3 months of school fees<br>The deposit serves as security and will be settled or refunded upon departure.<\/p>\n<\/div>\n<\/div>\n\n\n\n<div data-wp-class--is-open=\"state.isOpen\" data-wp-context=\"{ &quot;id&quot;: &quot;accordion-item-4&quot;, &quot;openByDefault&quot;: false }\" data-wp-init=\"callbacks.initAccordionItems\" data-wp-on-window--hashchange=\"callbacks.hashChange\" class=\"wp-block-accordion-item is-layout-flow wp-block-accordion-item-is-layout-flow\" style=\"border-bottom-color:var(--wp--preset--color--cyan-bluish-gray);border-bottom-width:1px\">\n<h3 class=\"wp-block-accordion-heading\" style=\"border-style:none;border-width:0px;font-size:clamp(14px, 0.875rem + ((1vw - 3.2px) * 0.469), 20px);\"><button aria-expanded=\"false\" aria-controls=\"accordion-item-4-panel\" data-wp-bind--aria-expanded=\"state.isOpen\" data-wp-on--click=\"actions.toggle\" id=\"accordion-item-4\" type=\"button\" class=\"wp-block-accordion-heading__toggle\" style=\"padding-bottom:var(--wp--preset--spacing--30)\"><span class=\"wp-block-accordion-heading__toggle-title\">Pricing structure &amp; payment terms<\/span><span class=\"wp-block-accordion-heading__toggle-icon\" aria-hidden=\"true\">+<\/span><\/button><\/h3>\n\n\n\n<div aria-labelledby=\"accordion-item-4\" data-wp-bind--hidden=\"state.isHidden\" data-wp-on--beforematch=\"actions.handleBeforeMatch\" id=\"accordion-item-4-panel\" role=\"region\" class=\"wp-block-accordion-panel is-layout-flow wp-block-accordion-panel-is-layout-flow\">\n<p class=\"wp-block-paragraph\">All prices quoted are in CHF per month and include VAT (as of 2026).<\/p>\n\n\n\n<p class=\"wp-block-paragraph\"><strong>Basic fee:<\/strong>\u00a0The annual fee is payable in advance, either in a single payment at the beginning of the school year (by August 1st with a discount of 5%) or divided into 12 monthly installments, due at the beginning of each month. The monthly fee is also due during vacation and holiday periods.<br><br><strong>Material costs:<\/strong>\u00a0Annual lump sum for teaching materials, craft materials and consumables.<\/p>\n\n\n\n<p class=\"wp-block-paragraph\">The off-peak hours (07:00-08:00 in the morning) are already included in the school fees.<\/p>\n<\/div>\n<\/div>\n<\/div>","protected":false},"excerpt":{"rendered":"<p>Individual price adjustments: Tuition fees can be adjusted to suit your individual financial situation. Please feel free to contact us confidentially. Key information &nbsp;<\/p>","protected":false},"author":252078350,"featured_media":0,"parent":0,"menu_order":0,"comment_status":"closed","ping_status":"closed","template":"lms-welt-standard-single","meta":{"_acf_changed":false,"_eb_attr":"","advanced_seo_description":"","jetpack_seo_html_title":"","jetpack_seo_noindex":false,"jetpack_seo_schema_type":"","_wpcom_ai_launchpad_about_page":false,"_wpcom_ai_launchpad_gallery_page":false,"_wpcom_ai_launchpad_contact_page":false,"_wpcom_ai_launchpad_events_page":false,"_wpcom_ai_launchpad_video_page":false,"_wpcom_ai_launchpad_portfolio_piece":false,"footnotes":""},"categories":[772256762,772256752],"tags":[772256760,772256761],"class_list":["post-3354","page","type-page","status-publish","hentry","category-other","category-welt","tag-display_home","tag-display_lp"],"acf":{"block_title_main":{"simple_value_formatted":"Preise und \u00d6ffnungszeiten","value_formatted":"Preise und \u00d6ffnungszeiten","value":"Preise und \u00d6ffnungszeiten","field":{"ID":3181,"key":"field_697c73aaee1b1","label":"block_title_main","name":"block_title_main","aria-label":"","prefix":"acf","type":"text","value":null,"menu_order":0,"instructions":"","required":0,"id":"","class":"","conditional_logic":0,"parent":3106,"wrapper":{"width":"","class":"","id":""},"default_value":"title","maxlength":"","allow_in_bindings":0,"placeholder":"","prepend":"","append":"","_name":"block_title_main","_valid":1}},"lms_welt_groups_classes":{"simple_value_formatted":"Erfahren Sie mehr \u00fcber unsere Bildungsstufen und Zusatzleistungen. Wir bieten flexible Betreuungsangebote und individuelle F\u00f6rderung zu fairen Konditionen an, um allen Familien eine hochwertige Bildung in unserer innovativer Privatschule zu erm\u00f6glichen.","value_formatted":"Erfahren Sie mehr \u00fcber unsere Bildungsstufen und Zusatzleistungen. Wir bieten flexible Betreuungsangebote und individuelle F\u00f6rderung zu fairen Konditionen an, um allen Familien eine hochwertige Bildung in unserer innovativer Privatschule zu erm\u00f6glichen.","value":"Erfahren Sie mehr \u00fcber unsere Bildungsstufen und Zusatzleistungen. Wir bieten flexible Betreuungsangebote und individuelle F\u00f6rderung zu fairen Konditionen an, um allen Familien eine hochwertige Bildung in unserer innovativer Privatschule zu erm\u00f6glichen.","field":{"ID":3108,"key":"field_697674f56bb60","label":"block_title_description","name":"lms_welt_groups_classes","aria-label":"","prefix":"acf","type":"textarea","value":null,"menu_order":1,"instructions":"","required":0,"id":"","class":"","conditional_logic":0,"parent":3106,"wrapper":{"width":"","class":"","id":""},"default_value":"","maxlength":"","allow_in_bindings":0,"rows":"","placeholder":"","new_lines":"","_name":"lms_welt_groups_classes","_valid":1}},"welt_image_suppport":{"simple_value_formatted":"","value_formatted":"","value":"","field":{"ID":3231,"key":"field_697c80ab49eae","label":"welt_image_suppport","name":"world_image_support","aria-label":"","prefix":"acf","type":"image","value":null,"menu_order":2,"instructions":"","required":0,"id":"","class":"","conditional_logic":0,"parent":3106,"wrapper":{"width":"","class":"","id":""},"return_format":"array","library":"all","min_width":"","min_height":"","min_size":"","max_width":"","max_height":"","max_size":"","mime_types":"","allow_in_bindings":1,"preview_size":"full","_name":"welt_image_suppport","_valid":1}},"description":{"simple_value_formatted":"","value_formatted":"","value":"","field":{"ID":3180,"key":"field_697c7206cbfc9","label":"Description","name":"description","aria-label":"","prefix":"acf","type":"wysiwyg","value":null,"menu_order":3,"instructions":"","required":0,"id":"","class":"","conditional_logic":0,"parent":3106,"wrapper":{"width":"","class":"","id":""},"default_value":"","allow_in_bindings":0,"tabs":"all","toolbar":"full","media_upload":1,"delay":0,"_name":"description","_valid":1}},"sub_headline":{"simple_value_formatted":"test","value_formatted":"test","value":"test","field":{"ID":3182,"key":"field_697c723dee1ac","label":"Sub_headline","name":"sub_headline","aria-label":"","prefix":"acf","type":"text","value":null,"menu_order":4,"instructions":"","required":0,"id":"","class":"","conditional_logic":0,"parent":3106,"wrapper":{"width":"","class":"","id":""},"default_value":"Sub_headline","maxlength":"","allow_in_bindings":0,"placeholder":"","prepend":"","append":"","_name":"sub_headline","_valid":1}},"sub_content":{"simple_value_formatted":"\n<div class=\"wp-block-group is-nowrap is-layout-flex wp-container-core-group-is-layout-de0b71bf wp-block-group-is-layout-flex\">\n<div class=\"wp-block-group WELT_PREISE_TABLE wp-container-content-90d19858 has-global-padding is-layout-constrained wp-block-group-is-layout-constrained\">\n<h4 class=\"wp-block-heading has-poppins-font-family\" style=\"padding-bottom:10px;font-size:clamp(16.293px, 1.018rem + ((1vw - 3.2px) * 0.68), 25px);\">KINDERGARTEN<\/h4>\n\n\n\n<div id=\"footable_parent_3616\"\n         class=\" footable_parent ninja_table_wrapper loading_ninja_table wp_table_data_press_parent semantic_ui \">\n                <table data-ninja_table_instance=\"ninja_table_instance_3\" data-footable_id=\"3616\" data-filter-delay=\"1000\" aria-label=\"Pricing information - kindergarten\"            id=\"footable_3616\"\n           data-unique_identifier=\"ninja_table_unique_id_4057629153_3616\"\n           class=\" foo-table ninja_footable foo_table_3616 ninja_table_unique_id_4057629153_3616 ui table  ninja_search_right nt_type_ajax_table  footable-paging-right ninja_table_search_disabled\">\n                <colgroup>\n                            <col class=\"ninja_column_0 \">\n                            <col class=\"ninja_column_1 \">\n                    <\/colgroup>\n            <\/table>\n    \n    \n    \n<\/div>\n\n<\/div>\n\n\n\n<div class=\"wp-block-group WELT_PREISE_TABLE wp-container-content-90d19858 has-global-padding is-layout-constrained wp-block-group-is-layout-constrained\">\n<h5 class=\"wp-block-heading has-poppins-font-family\" style=\"padding-bottom:10px;font-size:clamp(16.293px, 1.018rem + ((1vw - 3.2px) * 0.68), 25px);\">UNTERSTUFE (1.\u20133. KLASSE)<\/h5>\n\n\n\n<div id=\"footable_parent_3685\"\n         class=\" footable_parent ninja_table_wrapper loading_ninja_table wp_table_data_press_parent semantic_ui \">\n                <table data-ninja_table_instance=\"ninja_table_instance_4\" data-footable_id=\"3685\" data-filter-delay=\"1000\" aria-label=\"Pricing information - Unterstufe\"            id=\"footable_3685\"\n           data-unique_identifier=\"ninja_table_unique_id_2454915359_3685\"\n           class=\" foo-table ninja_footable foo_table_3685 ninja_table_unique_id_2454915359_3685 ui table  ninja_search_right nt_type_ajax_table  footable-paging-right ninja_table_search_disabled\">\n                <colgroup>\n                            <col class=\"ninja_column_0 \">\n                            <col class=\"ninja_column_1 \">\n                    <\/colgroup>\n            <\/table>\n    \n    \n    \n<\/div>\n\n<\/div>\n\n\n\n<div class=\"wp-block-group WELT_PREISE_TABLE wp-container-content-90d19858 has-global-padding is-layout-constrained wp-block-group-is-layout-constrained\">\n<h5 class=\"wp-block-heading has-poppins-font-family\" style=\"padding-bottom:10px;font-size:clamp(16.293px, 1.018rem + ((1vw - 3.2px) * 0.68), 25px);\">MITTELSTUFE (4.\u20136. KLASSE)<\/h5>\n\n\n\n<div id=\"footable_parent_3686\"\n         class=\" footable_parent ninja_table_wrapper loading_ninja_table wp_table_data_press_parent semantic_ui \">\n                <table data-ninja_table_instance=\"ninja_table_instance_5\" data-footable_id=\"3686\" data-filter-delay=\"1000\" aria-label=\"Pricing information - Mittelstufe\"            id=\"footable_3686\"\n           data-unique_identifier=\"ninja_table_unique_id_507954428_3686\"\n           class=\" foo-table ninja_footable foo_table_3686 ninja_table_unique_id_507954428_3686 ui table  ninja_search_right nt_type_ajax_table  footable-paging-right ninja_table_search_disabled\">\n                <colgroup>\n                            <col class=\"ninja_column_0 \">\n                            <col class=\"ninja_column_1 \">\n                    <\/colgroup>\n            <\/table>\n    \n    \n    \n<\/div>\n\n<\/div>\n<\/div>\n\n","value_formatted":"[reblex id='3618']","value":"[reblex id='3618']","field":{"ID":3183,"key":"field_697c725aee1ad","label":"sub_content","name":"sub_content","aria-label":"","prefix":"acf","type":"wysiwyg","value":null,"menu_order":5,"instructions":"","required":0,"id":"","class":"","conditional_logic":0,"parent":3106,"wrapper":{"width":"","class":"","id":""},"default_value":"sub_content","allow_in_bindings":0,"tabs":"all","toolbar":"full","media_upload":1,"delay":0,"_name":"sub_content","_valid":1}},"addition_information":{"simple_value_formatted":"","value_formatted":"","value":"","field":{"ID":3184,"key":"field_697c7292ee1ae","label":"addition_information","name":"addition_information","aria-label":"","prefix":"acf","type":"wysiwyg","value":null,"menu_order":6,"instructions":"","required":0,"id":"","class":"","conditional_logic":0,"parent":3106,"wrapper":{"width":"","class":"","id":""},"default_value":"","allow_in_bindings":0,"tabs":"all","toolbar":"full","media_upload":1,"delay":0,"_name":"addition_information","_valid":1}},"highlight_box":{"simple_value_formatted":"","value_formatted":"","value":"","field":{"ID":3185,"key":"field_697c72b1ee1af","label":"highlight_box","name":"highlight_box","aria-label":"","prefix":"acf","type":"wysiwyg","value":null,"menu_order":7,"instructions":"","required":0,"id":"","class":"","conditional_logic":0,"parent":3106,"wrapper":{"width":"","class":"","id":""},"default_value":"highlight box","allow_in_bindings":0,"tabs":"all","toolbar":"full","media_upload":1,"delay":0,"_name":"highlight_box","_valid":1}},"":{"simple_value_formatted":"","value_formatted":"","value":"","field":{"ID":3186,"key":"field_697c72f3ee1b0","label":"","name":"","aria-label":"","prefix":"acf","type":"text","value":null,"menu_order":8,"instructions":"","required":0,"id":"","class":"","conditional_logic":0,"parent":3106,"wrapper":{"width":"","class":"","id":""},"default_value":"","maxlength":"","allow_in_bindings":0,"placeholder":"","prepend":"","append":"","_name":"","_valid":1}}},"mb":[],"jetpack_likes_enabled":true,"jetpack_sharing_enabled":true,"jetpack_shortlink":"https:\/\/wp.me\/PfNxEx-S6","jetpack-related-posts":[{"id":3267,"url":"https:\/\/lms-privatschule.ch\/en\/unser-team-entdecken_new\/","url_meta":{"origin":3354,"position":0},"title":"Discover our team","author":"michelgirault","date":"30. January 2026","format":false,"excerpt":"Tagesschule KITA Verwaltung","rel":"","context":"Similar post","block_context":{"text":"Similar post","link":""},"img":{"alt_text":"","src":"","width":0,"height":0},"classes":[]},{"id":1961,"url":"https:\/\/lms-privatschule.ch\/en\/openday\/","url_meta":{"origin":3354,"position":1},"title":"Open Day \u2013 Experience the flea market!","author":"michelgirault","date":"29. May 2025","format":false,"excerpt":"Saturday, June 14, 2025 - Huebwiesenstrasse 1, 8954 Geroldswil Open House \u2013 LMS Private School &amp; Daycare 10:00\u201316:00 - Free admission, no registration required Insight into our primary school &amp; daycare (from 18 months) Presentation of the new, digital learning concept Live demo of the learning system (adapted to Curriculum 21) Personal conversations with teachers &amp; school management Guided tours\u2026","rel":"","context":"Similar post","block_context":{"text":"Similar post","link":""},"img":{"alt_text":"","src":"https:\/\/i0.wp.com\/lms-privatschule.ch\/wp-content\/uploads\/2025\/05\/image_ld_children-150x150.png?resize=350%2C200&ssl=1","width":350,"height":200},"classes":[]},{"id":1064,"url":"https:\/\/lms-privatschule.ch\/en\/nachhilfe-unterricht\/","url_meta":{"origin":3354,"position":2},"title":"Tutoring and homework support","author":"Victoria Asanin","date":"21. October 2024","format":false,"excerpt":"Preise Nachhilfeunterricht und Hausaufgabenbetreuung 45 CHF Pro Stunde mit einer qualifizierten Lehrperson. Jetzt Kontakt aufnehmen Die individuelle F\u00f6rderung jedes einzelnen Sch\u00fclers liegt uns an der Privatschule Geroldswil besonders am Herzen. Mit unserem Nachhilfe- und Hausaufgabenbetreuungsangebot bis zur 1. Oberstufe f\u00fcr unsere Sch\u00fclerinnen und Sch\u00fcler aber auch f\u00fcr Sch\u00fcler der \u00f6ffentlichen\u2026","rel":"","context":"Similar post","block_context":{"text":"Similar post","link":""},"img":{"alt_text":"","src":"","width":0,"height":0},"classes":[]},{"id":457,"url":"https:\/\/lms-privatschule.ch\/en\/unsere-kita\/","url_meta":{"origin":3354,"position":3},"title":"Our nursery","author":"Victoria Asanin","date":"11. July 2024","format":false,"excerpt":"Loving care from 18 months. In our daycare center, we place particular emphasis on sensitive and loving care that supports and encourages each child&#039;s development. Play and discovery. Playful learning is our focus. Through diverse activities and materials, children discover their environment and expand their knowledge\u2026","rel":"","context":"Similar post","block_context":{"text":"Similar post","link":""},"img":{"alt_text":"","src":"","width":0,"height":0},"classes":[]},{"id":447,"url":"https:\/\/lms-privatschule.ch\/en\/unsere-bildungsstufen\/","url_meta":{"origin":3354,"position":4},"title":"Our educational levels","author":"Victoria Asanin","date":"11. July 2024","format":false,"excerpt":"Our School at a Glance: Our private school in Geroldswil offers a comprehensive educational program from nursery through preschool and kindergarten to primary and middle school. We focus on loving care and holistic development to provide every child with the best possible opportunities for growth. The well-being of each child is our top priority\u2026","rel":"","context":"Similar post","block_context":{"text":"Similar post","link":""},"img":{"alt_text":"","src":"https:\/\/i0.wp.com\/lms-privatschule.ch\/wp-content\/uploads\/2024\/07\/2.png?resize=350%2C200","width":350,"height":200,"srcset":"https:\/\/i0.wp.com\/lms-privatschule.ch\/wp-content\/uploads\/2024\/07\/2.png?resize=350%2C200 1x, https:\/\/i0.wp.com\/lms-privatschule.ch\/wp-content\/uploads\/2024\/07\/2.png?resize=525%2C300 1.5x, https:\/\/i0.wp.com\/lms-privatschule.ch\/wp-content\/uploads\/2024\/07\/2.png?resize=700%2C400 2x, https:\/\/i0.wp.com\/lms-privatschule.ch\/wp-content\/uploads\/2024\/07\/2.png?resize=1050%2C600 3x, https:\/\/i0.wp.com\/lms-privatschule.ch\/wp-content\/uploads\/2024\/07\/2.png?resize=1400%2C800 4x"},"classes":[]},{"id":468,"url":"https:\/\/lms-privatschule.ch\/en\/unsere-primar-und-mittelstufe\/","url_meta":{"origin":3354,"position":5},"title":"Our primary and middle school","author":"Victoria Asanin","date":"11. July 2024","format":false,"excerpt":"\u00a0 \"&quot;Where learning becomes an exciting journey.&quot; Details: Individual support and preparation for upper secondary school. At our private school, we implement Curriculum 21 and work according to the Montessori principle. This allows us to offer individualized support that allows each student to progress at their own pace\u2026","rel":"","context":"Similar post","block_context":{"text":"Similar post","link":""},"img":{"alt_text":"","src":"https:\/\/i0.wp.com\/lms-privatschule.ch\/wp-content\/uploads\/2024\/07\/4.png?resize=350%2C200&ssl=1","width":350,"height":200,"srcset":"https:\/\/i0.wp.com\/lms-privatschule.ch\/wp-content\/uploads\/2024\/07\/4.png?resize=350%2C200&ssl=1 1x, https:\/\/i0.wp.com\/lms-privatschule.ch\/wp-content\/uploads\/2024\/07\/4.png?resize=525%2C300&ssl=1 1.5x, https:\/\/i0.wp.com\/lms-privatschule.ch\/wp-content\/uploads\/2024\/07\/4.png?resize=700%2C400&ssl=1 2x, https:\/\/i0.wp.com\/lms-privatschule.ch\/wp-content\/uploads\/2024\/07\/4.png?resize=1050%2C600&ssl=1 3x, https:\/\/i0.wp.com\/lms-privatschule.ch\/wp-content\/uploads\/2024\/07\/4.png?resize=1400%2C800&ssl=1 4x"},"classes":[]}],"mfb_rest_fields":["title","wpcom_performance_report_url","jetpack_likes_enabled","jetpack_sharing_enabled","jetpack_shortlink","jetpack-related-posts","gutenberg_elementor_mode"],"_links":{"self":[{"href":"https:\/\/lms-privatschule.ch\/en\/wp-json\/wp\/v2\/pages\/3354","targetHints":{"allow":["GET"]}}],"collection":[{"href":"https:\/\/lms-privatschule.ch\/en\/wp-json\/wp\/v2\/pages"}],"about":[{"href":"https:\/\/lms-privatschule.ch\/en\/wp-json\/wp\/v2\/types\/page"}],"author":[{"embeddable":true,"href":"https:\/\/lms-privatschule.ch\/en\/wp-json\/wp\/v2\/users\/252078350"}],"replies":[{"embeddable":true,"href":"https:\/\/lms-privatschule.ch\/en\/wp-json\/wp\/v2\/comments?post=3354"}],"version-history":[{"count":19,"href":"https:\/\/lms-privatschule.ch\/en\/wp-json\/wp\/v2\/pages\/3354\/revisions"}],"predecessor-version":[{"id":3927,"href":"https:\/\/lms-privatschule.ch\/en\/wp-json\/wp\/v2\/pages\/3354\/revisions\/3927"}],"wp:attachment":[{"href":"https:\/\/lms-privatschule.ch\/en\/wp-json\/wp\/v2\/media?parent=3354"}],"wp:term":[{"taxonomy":"category","embeddable":true,"href":"https:\/\/lms-privatschule.ch\/en\/wp-json\/wp\/v2\/categories?post=3354"},{"taxonomy":"post_tag","embeddable":true,"href":"https:\/\/lms-privatschule.ch\/en\/wp-json\/wp\/v2\/tags?post=3354"}],"curies":[{"name":"wp","href":"https:\/\/api.w.org\/{rel}","templated":true}]}}